{"id":10,"date":"2024-03-22T10:04:41","date_gmt":"2024-03-22T10:04:41","guid":{"rendered":"https:\/\/centrokaizen.cl\/bienvenidos\/?page_id=10"},"modified":"2026-03-12T00:49:18","modified_gmt":"2026-03-12T00:49:18","slug":"acerca-de","status":"publish","type":"page","link":"https:\/\/centrokaizen.cl\/?page_id=10","title":{"rendered":"Equipo"},"content":{"rendered":"\n<hr class=\"wp-block-separator has-text-color has-vivid-cyan-blue-color has-alpha-channel-opacity has-vivid-cyan-blue-background-color has-background is-style-wide\"\/>\n\n\n\n<p><p style=\"text-align: justify;\">Somos un equipo profesional multidisciplinario, integrado por psic\u00f3logos, psiquiatras, trabajadores sociales, entre otros, especializados en salud mental. Contamos con diversas formaciones como: psicoterapia individual, terapia dial\u00e9ctica conductual (DBT) trauma complejo (terapia EMDR), Life coaching\u00bb..<\/p><\/p>\n\n\n<p><!-- \/wp:post-content --><br \/><!-- wp:heading {\"level\":3} --><\/p>\n<h3 class=\"wp-block-heading\"><b>Mar\u00eda Teresa Cordero<\/b><\/h3>\n<p><strong>Fundadora<\/strong><\/p>\n<p><!-- \/wp:heading --><\/p>\n<p><!-- wp:separator {\"backgroundColor\":\"vivid-cyan-blue\",\"className\":\"is-style-wide\"} --><\/p>\n<hr class=\"wp-block-separator has-text-color has-vivid-cyan-blue-color has-alpha-channel-opacity has-vivid-cyan-blue-background-color has-background is-style-wide\" \/><!-- \/wp:separator -->\n<p><!-- wp:paragraph --><\/p>\n<ul>\n<li>Psic\u00f3loga Cl\u00ednica Universidad de las Am\u00e9ricas Laureate International Universities con experiencia en Salud P\u00fablica y Privada.<\/li>\n<li>Magister en Gesti\u00f3n de Salud en APS de la Universidad Andr\u00e9s Bello.<\/li>\n<li class=\"li1\">Especializaci\u00f3n en Terapia Dial\u00e9ctico Conductual (DBT Est\u00e1ndar) Universidad de Chile Facultad de Medicina Psiquiatr\u00eda \u2013 Hospital del Salvador.<\/li>\n<li>Especializaci\u00f3n en Terapia Dial\u00e9ctico Conductual para uso de Sustancias (DBT SUD) en DBT Iberoam\u00e9rica.<\/li>\n<li class=\"li1\">Especializaci\u00f3n en Trauma. Terapeuta EMDR en EMDR Chile y Exposici\u00f3n Prolongada (EP) por DBT Iberoam\u00e9rica.<\/li>\n<li class=\"li2\">Entrenada en Protocolos EMDR para atenci\u00f3n temprana y estr\u00e9s traum\u00e1tico continuado: ASSYST y PRECI. En EMDR Chile.<\/li>\n<li class=\"li1\">Especializaci\u00f3n en drogodependencias Universidad de Chile.<\/li>\n<li class=\"li1\">Especializaci\u00f3n en Programaci\u00f3n Neuroling\u00fc\u00edstica. Celade.<\/li>\n<li class=\"li1\">Especializaci\u00f3n en Trastorno de Conducta Alimentaria. Universidad Adolfo Ib\u00e1\u00f1ez.<\/li>\n<\/ul>\n<p><!-- \/wp:paragraph --><\/p>\n<p><!-- wp:separator {\"backgroundColor\":\"vivid-cyan-blue\",\"className\":\"is-style-wide\"} --><\/p>\n<h3 class=\"wp-block-heading\"><b>Sonia Guti\u00e9rrez<\/b><\/h3>\n<p><!-- \/wp:separator --><\/p>\n<p><!-- wp:separator {\"backgroundColor\":\"vivid-cyan-blue\",\"className\":\"is-style-wide\"} --><\/p>\n<hr class=\"wp-block-separator has-text-color has-vivid-cyan-blue-color has-alpha-channel-opacity has-vivid-cyan-blue-background-color has-background is-style-wide\" \/>\n<p><!-- \/wp:separator --><\/p>\n<p><!-- wp:paragraph --><\/p>\n<ul>\n<li><span style=\"font-weight: 400;\">Psic\u00f3loga de la Universidad de la Frontera.<\/span><\/li>\n<li><span style=\"font-weight: 400;\">Psic\u00f3loga Cl\u00ednica acreditada.<\/span><\/li>\n<li><span style=\"font-weight: 400;\">Magister en Psicolog\u00eda Cl\u00ednica de la Universidad Adolfo Ib\u00e1\u00f1ez.<\/span><\/li>\n<li><span style=\"font-weight: 400;\">Post\u00edtulos en terapia sist\u00e9mica estrat\u00e9gica en el Instituto Milton Erikson.<\/span><\/li>\n<li>Terapia Dial\u00e9ctica Conductual (DBT Est\u00e1ndar) en la Universidad de Chile \/ Hospital el Salvador.<\/li>\n<li><span style=\"font-weight: 400;\">Formaci\u00f3n en terapia de trauma con enfoque EMDR.<\/span><\/li>\n<\/ul>\n<h3 class=\"wp-block-heading\"><b>Felipe D\u00edaz Arancibia<\/b><\/h3>\n<p><!-- \/wp:paragraph --><\/p>\n<p><!-- wp:separator {\"backgroundColor\":\"vivid-cyan-blue\",\"className\":\"is-style-wide\"} --><\/p>\n<hr class=\"wp-block-separator has-text-color has-vivid-cyan-blue-color has-alpha-channel-opacity has-vivid-cyan-blue-background-color has-background is-style-wide\" \/>\n<p><!-- \/wp:separator --><\/p>\n<p><!-- wp:paragraph --><\/p>\n<ul>\n<li><span style=\"font-weight: 400;\">Psic\u00f3logo Cl\u00ednico, Universidad de Chile.<\/span><\/li>\n<li>Mag\u00edster en Psicolog\u00eda Cl\u00ednica de adultos, menci\u00f3n Psicoan\u00e1lisis. Universidad de Chile.<\/li>\n<li><span style=\"font-weight: 400;\">Entrenamiento Intensivo en Terapia Dial\u00e9ctico Conductual (DBT), en DBT Latinoam\u00e9tica \u2013 Hospital S\u00f3tero del R\u00edo.<\/span><\/li>\n<li>Amplia experiencia laboral en sector p\u00fablico y privado, en contextos\u00a0 comunitarios, de consulta ambulatoria y de hospitalizaci\u00f3n en salud mental.<\/li>\n<\/ul>\n<h3 class=\"wp-block-heading\"><b>Mar\u00eda Elena Fern\u00e1ndez<\/b><\/h3>\n<p><!-- \/wp:paragraph --><\/p>\n<p><!-- wp:separator {\"backgroundColor\":\"vivid-cyan-blue\",\"className\":\"is-style-wide\"} --><\/p>\n<hr class=\"wp-block-separator has-text-color has-vivid-cyan-blue-color has-alpha-channel-opacity has-vivid-cyan-blue-background-color has-background is-style-wide\" \/>\n<p><!-- \/wp:separator --><\/p>\n<p><!-- wp:paragraph --><\/p>\n<ul>\n<li><span style=\"font-weight: 400;\">Psic\u00f3loga Cl\u00ednica Pontificia Universidad Cat\u00f3lica de Chile.<\/span><\/li>\n<li><span style=\"font-weight: 400;\">Especializaci\u00f3n en Trauma. Certificada en EMDR en EMDR Chile.<\/span><\/li>\n<li><span style=\"font-weight: 400;\">Especializada en Terapia Dial\u00e9ctica Conductual (DBT Est\u00e1ndar) en DBT Iberoam\u00e9rica.<\/span><\/li>\n<\/ul>\n<h3 class=\"wp-block-heading\"><b>Tiara Quijada Ruz<\/b><\/h3>\n<p><!-- \/wp:paragraph --><\/p>\n<p><!-- wp:separator {\"backgroundColor\":\"vivid-cyan-blue\",\"className\":\"is-style-wide\"} --><\/p>\n<hr class=\"wp-block-separator has-text-color has-vivid-cyan-blue-color has-alpha-channel-opacity has-vivid-cyan-blue-background-color has-background is-style-wide\" \/>\n<p style=\"text-align: justify;\"><!-- \/wp:separator --><\/p>\n<p><!-- wp:paragraph --><\/p>\n<ul>\n<li class=\"li1\">Psic\u00f3loga Cl\u00ednica Infanto Juvenil y Perinatal, Universidad Diego Portales.<\/li>\n<li class=\"li1\">Mag\u00edster en Psicolog\u00eda Comunitaria, Universidad de Chile.<\/li>\n<li class=\"li1\">Formaci\u00f3n en terapia de trauma con enfoque EMDR, en EMDR Chile.<\/li>\n<li class=\"li1\">Certificada en Protocolos EMDR para atenci\u00f3n temprana y estr\u00e9s traum\u00e1tico continuado: ASSYST y PRECI.<\/li>\n<li class=\"li1\">Diplomada en Ni\u00f1ez y Pol\u00edticas P\u00fablicas, Universidad de Chile.<\/li>\n<li class=\"li1\">Formaci\u00f3n en Fundamentos de Salud Mental Perinatal, Instituto Europeo de Salud Mental Perinatal.<\/li>\n<li class=\"li1\">Estad\u00eda de Perfeccionamiento en Cl\u00ednica Psicoanal\u00edtica con Ni\u00f1os y Adolescentes, Universidad Diego Portales.<\/li>\n<li class=\"li1\">Experiencia en evaluaci\u00f3n, diagn\u00f3stico y tratamiento psicoterap\u00e9utico en contextos individuales y vinculares. Abordaje cl\u00ednico integrado, con \u00e9nfasis en procesos traum\u00e1ticos, din\u00e1micas familiares y contextos psicosociales complejos.<\/li>\n<\/ul>\n<h3 class=\"wp-block-heading\"><strong><b>Marielit Horta Del Pic\u00f3<\/b><\/strong><\/h3>\n<p><!-- \/wp:paragraph --><\/p>\n<p><!-- wp:separator {\"backgroundColor\":\"vivid-cyan-blue\",\"className\":\"is-style-wide\"} --><\/p>\n<hr class=\"wp-block-separator has-text-color has-vivid-cyan-blue-color has-alpha-channel-opacity has-vivid-cyan-blue-background-color has-background is-style-wide\" \/>\n<p style=\"text-align: justify;\"><!-- \/wp:separator --><\/p>\n<p><!-- wp:paragraph --><\/p>\n<ul>\n<li><span style=\"font-weight: 400;\">Asistente Social Pontificia Universidad Cat\u00f3lica de Chile.<\/span><\/li>\n<li><span style=\"font-weight: 400;\">Terapeuta Dial\u00e9ctico Conductual (DBT Est\u00e1ndar) Universidad de Chile Facultad de Medicina Psiquiatr\u00eda \u2013 Hospital del Salvador.<\/span><\/li>\n<li><span style=\"font-weight: 400;\">Terapeuta Individual y Grupal con Adolescentes y Adultos. Especializaci\u00f3n Terapia Dial\u00e9ctica Conductual para ni\u00f1os (DBTC). En DBT Iberoam\u00e9rica.<\/span><\/li>\n<li><span style=\"font-weight: 400;\">Formada como profesional en Intervenci\u00f3n Psicosocial con familias y adolescentes Pontificia Universidad Cat\u00f3lica de Chile.<\/span><\/li>\n<li><span style=\"font-weight: 400;\">Perito Social (Defensor\u00eda Penal).<\/span><\/li>\n<li>Consultora en temas de Bienestar, Calidad de Vida y Gesti\u00f3n de Recursos Humanos.<\/li>\n<\/ul>\n<h3 class=\"wp-block-heading\"><strong>Macarena Hern\u00e1ndez Figueroa<\/strong><\/h3>\n<p><!-- \/wp:paragraph --><\/p>\n<p><!-- wp:separator {\"backgroundColor\":\"vivid-cyan-blue\",\"className\":\"is-style-wide\"} --><\/p>\n<hr class=\"wp-block-separator has-text-color has-vivid-cyan-blue-color has-alpha-channel-opacity has-vivid-cyan-blue-background-color has-background is-style-wide\" \/>\n<p style=\"text-align: justify;\"><!-- \/wp:separator --><\/p>\n<p><!-- wp:paragraph --><\/p>\n<ul>\n<li>Asistente Social Universidad San Sebasti\u00e1n, Concepci\u00f3n.<\/li>\n<li>Diplomada en Intervenci\u00f3n Familiar desde la perspectiva sistemica e integrativa en terapia familiar, Universidad Andr\u00e9s Bello.<\/li>\n<li>Especializaci\u00f3n en Terapia Dial\u00e9ctica Conductual (DBT Est\u00e1ndar) en DBT Iberoam\u00e9rica (A).<\/li>\n<\/ul>\n<h3 class=\"wp-block-heading\"><strong>Andrea Mellado Calder\u00f3n<\/strong><\/h3>\n<p><!-- \/wp:paragraph --><\/p>\n<p><!-- wp:separator {\"backgroundColor\":\"vivid-cyan-blue\",\"className\":\"is-style-wide\"} --><\/p>\n<hr class=\"wp-block-separator has-text-color has-vivid-cyan-blue-color has-alpha-channel-opacity has-vivid-cyan-blue-background-color has-background is-style-wide\" \/>\n<p style=\"text-align: justify;\"><!-- \/wp:separator --><\/p>\n<p><!-- wp:paragraph --><\/p>\n<ul>\n<li>Asistente Social Pontificia Universidad Cat\u00f3lica de Chile.<\/li>\n<li>Life Coach Instituto Gestalt Barcelona, Espa\u00f1a, certificada por IFC.<\/li>\n<li>Educadora de Padres, CDA, National Credentialing Program, Dallas Texas.<\/li>\n<li>Especializaci\u00f3n en Psicolog\u00eda Positiva, Universidad de Pensilvania.<\/li>\n<li>Especializaci\u00f3n en Ciencias del Bienestar, Universidad de Yale.<\/li>\n<li>Diplomada en Felicidad Organizacional Universidad Adolfo Ib\u00e1\u00f1ez.<\/li>\n<li>Auditor para Reportes de Sustentabilidad seg\u00fan normativa GRI, Univ Chile.<\/li>\n<li>Diplomada en Gesti\u00f3n de Responsabilidad Social Corporativa y Sustentabilidad, Universidad de Chile.<\/li>\n<li>Diplomada en Administraci\u00f3n de Recursos Humanos Pontificia Universidad Cat\u00f3lica de Chile.<\/li>\n<\/ul>\n<p><!-- \/wp:paragraph --><\/p>\n<p><!-- wp:heading {\"level\":3} --><\/p>\n<p><!-- \/wp:heading --><\/p>\n<p><!-- wp:heading {\"level\":3} --><\/p>\n<h3 class=\"wp-block-heading\"><strong>Leticia Cort\u00e9s Rojas<\/strong><\/h3>\n<p><!-- \/wp:heading --><\/p>\n<p><!-- wp:separator {\"backgroundColor\":\"vivid-cyan-blue\",\"className\":\"is-style-wide\"} --><\/p>\n<hr class=\"wp-block-separator has-text-color has-vivid-cyan-blue-color has-alpha-channel-opacity has-vivid-cyan-blue-background-color has-background is-style-wide\" \/>\n<p style=\"text-align: justify;\"><!-- \/wp:separator --><\/p>\n<p><!-- wp:paragraph --><\/p>\n<ul>\n<li>Psiquiatra infanto juvenil de la Universidad de Chile con m\u00e1s de 20 a\u00f1os de experiencia<\/li>\n<li>Docente de pre y post grado de la Universidad Andr\u00e9s Bello.<\/li>\n<li>Magister en psicoterapia gest\u00e1ltica en el centro de Terapia gest\u00e1ltica de Santiago.<\/li>\n<\/ul>\n<h3 style=\"background: white; margin: 0cm 0cm 9.0pt 0cm;\"><strong><span lang=\"ES-CL\" style=\"font-family: 'Helvetica Neue'; color: #333333;\">Mar\u00eda Viviana Fuenzalida Matus<\/span><\/strong><\/h3>\n<p><!-- \/wp:paragraph --><\/p>\n<p><!-- wp:separator {\"backgroundColor\":\"vivid-cyan-blue\",\"className\":\"is-style-wide\"} --><\/p>\n<hr class=\"wp-block-separator has-text-color has-vivid-cyan-blue-color has-alpha-channel-opacity has-vivid-cyan-blue-background-color has-background is-style-wide\" \/>\n<p style=\"text-align: justify;\"><!-- \/wp:separator --><\/p>\n<p><!-- wp:paragraph --><\/p>\n<ul>\n<li class=\"li1\">M\u00e9dico Cirujano UNAB.<\/li>\n<li class=\"li1\">Especialista en psiquiatr\u00eda adulto en Universidad Mayor.<\/li>\n<li class=\"li1\">Diplomado en destrezas cl\u00ednicas en adicciones en Pontificia Universidad Cat\u00f3lica de chile.<\/li>\n<li class=\"li1\">Diplomada en neuropsicolog\u00eda y neuropsiquiatr\u00eda del adulto en Pontificia Universidad Cat\u00f3lica de Chile.<\/li>\n<li class=\"li1\">Diplomada en diagn\u00f3stico y tratamiento del trauma ps\u00edquico. Universidad de Chile.<\/li>\n<li class=\"li1\">Se ha desempe\u00f1ado en el \u00e1rea p\u00fablica y privada de salud.<\/li>\n<li class=\"li1\">Trabaja en la unidad de psiquiatr\u00eda de enlace de la Cl\u00ednica Santa Mar\u00eda. Se encarga del seguimiento de estos pacientes en la consulta ambulatoria, integr\u00e1ndolos en su comunidad.<\/li>\n<\/ul>\n<h3 class=\"wp-block-heading\"><strong>Javiera Pino<\/strong><\/h3>\n<p><!-- \/wp:paragraph --><\/p>\n<p><!-- wp:separator {\"backgroundColor\":\"vivid-cyan-blue\",\"className\":\"is-style-wide\"} --><\/p>\n<hr class=\"wp-block-separator has-text-color has-vivid-cyan-blue-color has-alpha-channel-opacity has-vivid-cyan-blue-background-color has-background is-style-wide\" \/>\n<p style=\"text-align: justify;\"><!-- \/wp:separator --><\/p>\n<p><!-- wp:paragraph --><\/p>\n<ul>\n<li>M\u00e9dica Cirujana, Universidad de Valpara\u00edso.<\/li>\n<li>Psiquiatra de Adultos, Universidad de Santiago de Chile.<\/li>\n<li>Diplomada en Medicina del Sue\u00f1o en la Pr\u00e1ctica Cl\u00ednica, Pontificia Universidad Cat\u00f3lica de Chile.<\/li>\n<li>Diplomada en Diagn\u00f3stico y Tratamiento del Trauma Ps\u00edquico, Universidad de Chile.<\/li>\n<li>Cursando Formaci\u00f3n en Terapia EMDR, EMDR Chile.<\/li>\n<li>Experiencia cl\u00ednica en trauma ps\u00edquico, trastornos del \u00e1nimo, y trastornos de ansiedad.<\/li>\n<\/ul>\n<p><!-- \/wp:paragraph --><\/p>","protected":false},"excerpt":{"rendered":"<p>Somos un equipo profesional multidisciplinario, integrado por psic\u00f3logos, psiquiatras, trabajadores sociales, entre otros, especializados en salud mental. Contamos con diversas formaciones como: psicoterapia individual, terapia dial\u00e9ctica conductual (DBT) trauma complejo (terapia EMDR), Life coaching\u00bb.. Mar\u00eda Teresa Cordero Fundadora Psic\u00f3loga Cl\u00ednica Universidad de las Am\u00e9ricas Laureate International Universities con experiencia en Salud P\u00fablica y Privada. Magister &hellip; <\/p>\n<p class=\"link-more\"><a href=\"https:\/\/centrokaizen.cl\/?page_id=10\" class=\"more-link\">Continuar leyendo<span class=\"screen-reader-text\"> \u00abEquipo\u00bb<\/span><\/a><\/p>\n","protected":false},"author":2,"featured_media":520,"parent":0,"menu_order":0,"comment_status":"closed","ping_status":"closed","template":"","meta":{"footnotes":""},"class_list":["post-10","page","type-page","status-publish","has-post-thumbnail","hentry"],"_links":{"self":[{"href":"https:\/\/centrokaizen.cl\/index.php?rest_route=\/wp\/v2\/pages\/10","targetHints":{"allow":["GET"]}}],"collection":[{"href":"https:\/\/centrokaizen.cl\/index.php?rest_route=\/wp\/v2\/pages"}],"about":[{"href":"https:\/\/centrokaizen.cl\/index.php?rest_route=\/wp\/v2\/types\/page"}],"author":[{"embeddable":true,"href":"https:\/\/centrokaizen.cl\/index.php?rest_route=\/wp\/v2\/users\/2"}],"replies":[{"embeddable":true,"href":"https:\/\/centrokaizen.cl\/index.php?rest_route=%2Fwp%2Fv2%2Fcomments&post=10"}],"version-history":[{"count":48,"href":"https:\/\/centrokaizen.cl\/index.php?rest_route=\/wp\/v2\/pages\/10\/revisions"}],"predecessor-version":[{"id":1064,"href":"https:\/\/centrokaizen.cl\/index.php?rest_route=\/wp\/v2\/pages\/10\/revisions\/1064"}],"wp:featuredmedia":[{"embeddable":true,"href":"https:\/\/centrokaizen.cl\/index.php?rest_route=\/wp\/v2\/media\/520"}],"wp:attachment":[{"href":"https:\/\/centrokaizen.cl\/index.php?rest_route=%2Fwp%2Fv2%2Fmedia&parent=10"}],"curies":[{"name":"wp","href":"https:\/\/api.w.org\/{rel}","templated":true}]}}